{"id":368,"date":"2024-12-10T16:11:13","date_gmt":"2024-12-10T15:11:13","guid":{"rendered":"https:\/\/vercors-randonnee.fr\/?page_id=368"},"modified":"2025-05-22T22:28:48","modified_gmt":"2025-05-22T20:28:48","slug":"nos-activites-randonnees-sejours-pour-tous-les-publics","status":"publish","type":"page","link":"https:\/\/vercors-randonnee.fr\/index.php\/nos-activites-randonnees-sejours-pour-tous-les-publics\/","title":{"rendered":"Nos activit\u00e9s"},"content":{"rendered":"\n<p><strong>D\u00e9couvrez le Vercors avec Vercors Randonn\u00e9es : Une Aventure Nature sur Mesure<\/strong><\/p>\n\n\n\n<p>Depuis plus de 10 ans, <strong>Vercors Randonn\u00e9es<\/strong> vous accompagne \u00e0 explorer la richesse naturelle et culturelle du <a href=\"https:\/\/www.parc-du-vercors.fr\" target=\"_blank\" rel=\"noopener\">parc naturel du Vercors<\/a>. <a href=\"https:\/\/vercors-randonnee.fr\/index.php\/a-propos-de-randonnee-vercors\/\" target=\"_blank\" rel=\"noreferrer noopener\">G\u00e9ographes de formation<\/a>, nous accordons une attention particuli\u00e8re \u00e0 l\u2019exploration et \u00e0 la compr\u00e9hension des paysages. Nous explorerons bien s\u00fbr la nature sauvage du Vercors tout en mettant en lumi\u00e8re ses pr\u00e9cieux tr\u00e9sors g\u00e9ologiques. Nous partagerons notre expertise du territoire pour explorer ses secrets et sa beaut\u00e9 sauvage. Territoire charg\u00e9 d&#8217;histoire, le Vercors a \u00e9t\u00e9 le th\u00e9\u00e2tre d&#8217;\u00e9v\u00e9nements marquants li\u00e9s \u00e0 la R\u00e9sistance. Une randonn\u00e9e est consacr\u00e9 \u00e0 cette p\u00e9riode. <br>Chaque ann\u00e9e, Vercors Randonn\u00e9es guide avec succ\u00e8s de nombreuses personnes dans leur d\u00e9couverte de la nature. <br><\/p>\n\n\n\n<figure class=\"wp-block-gallery has-nested-images columns-default is-cropped wp-block-gallery-1 is-layout-flex wp-block-gallery-is-layout-flex\">\n<figure class=\"wp-block-image size-large\"><img loading=\"lazy\" decoding=\"async\" width=\"445\" height=\"746\" data-id=\"385\" src=\"https:\/\/vercors-randonnee.fr\/wp-content\/uploads\/2024\/12\/chamois-tete-vercors-1.jpg\" alt=\"\" class=\"wp-image-385\" srcset=\"https:\/\/vercors-randonnee.fr\/wp-content\/uploads\/2024\/12\/chamois-tete-vercors-1.jpg 445w, https:\/\/vercors-randonnee.fr\/wp-content\/uploads\/2024\/12\/chamois-tete-vercors-1-179x300.jpg 179w\" sizes=\"auto, (max-width: 445px) 100vw, 445px\" \/><figcaption class=\"wp-element-caption\">Chamois <\/figcaption><\/figure>\n\n\n\n<figure class=\"wp-block-image size-large\"><img loading=\"lazy\" decoding=\"async\" width=\"1024\" height=\"796\" data-id=\"391\" src=\"https:\/\/vercors-randonnee.fr\/wp-content\/uploads\/2024\/12\/GenAIImage_0adced36-0ef9-4a4b-8c08-92bfb3261e23-1024x796.jpeg\" alt=\"loup Vercors\" class=\"wp-image-391\" srcset=\"https:\/\/vercors-randonnee.fr\/wp-content\/uploads\/2024\/12\/GenAIImage_0adced36-0ef9-4a4b-8c08-92bfb3261e23-1024x796.jpeg 1024w, https:\/\/vercors-randonnee.fr\/wp-content\/uploads\/2024\/12\/GenAIImage_0adced36-0ef9-4a4b-8c08-92bfb3261e23-300x233.jpeg 300w, https:\/\/vercors-randonnee.fr\/wp-content\/uploads\/2024\/12\/GenAIImage_0adced36-0ef9-4a4b-8c08-92bfb3261e23-768x597.jpeg 768w, https:\/\/vercors-randonnee.fr\/wp-content\/uploads\/2024\/12\/GenAIImage_0adced36-0ef9-4a4b-8c08-92bfb3261e23-1536x1195.jpeg 1536w, https:\/\/vercors-randonnee.fr\/wp-content\/uploads\/2024\/12\/GenAIImage_0adced36-0ef9-4a4b-8c08-92bfb3261e23-2048x1593.jpeg 2048w\" sizes=\"auto, (max-width: 767px) 89vw, (max-width: 1000px) 54vw, (max-width: 1071px) 543px, 580px\" \/><figcaption class=\"wp-element-caption\">loup Vercors<\/figcaption><\/figure>\n\n\n\n<figure class=\"wp-block-image size-large\"><img loading=\"lazy\" decoding=\"async\" width=\"768\" height=\"1024\" data-id=\"387\" src=\"https:\/\/vercors-randonnee.fr\/wp-content\/uploads\/2024\/12\/Fossile-768x1024.jpg\" alt=\"\" class=\"wp-image-387\" srcset=\"https:\/\/vercors-randonnee.fr\/wp-content\/uploads\/2024\/12\/Fossile-768x1024.jpg 768w, https:\/\/vercors-randonnee.fr\/wp-content\/uploads\/2024\/12\/Fossile-225x300.jpg 225w, https:\/\/vercors-randonnee.fr\/wp-content\/uploads\/2024\/12\/Fossile-1152x1536.jpg 1152w, https:\/\/vercors-randonnee.fr\/wp-content\/uploads\/2024\/12\/Fossile-1536x2048.jpg 1536w, https:\/\/vercors-randonnee.fr\/wp-content\/uploads\/2024\/12\/Fossile-scaled.jpg 1920w\" sizes=\"auto, (max-width: 767px) 89vw, (max-width: 1000px) 54vw, (max-width: 1071px) 543px, 580px\" \/><figcaption class=\"wp-element-caption\">N\u00e9rin\u00e9 fossile<\/figcaption><\/figure>\n<\/figure>\n\n\n\n<h3 class=\"wp-block-heading\">Des exp\u00e9riences pour tous<\/h3>\n\n\n\n<p>Que vous soyez un passionn\u00e9 de nature. Un enseignant en qu\u00eate d\u2019une sortie \u00e9ducative, ou un groupe \u00e0 la recherche d\u2019une activit\u00e9 originale. <strong>Vercors Randonn\u00e9es<\/strong> a une prestation qui r\u00e9pond \u00e0 vos attentes<\/p>\n\n\n\n<ul class=\"wp-block-list\">\n<li><strong>Pour les familles et particuliers<\/strong> : D\u00e9couvrez les tr\u00e9sors du Vercors \u00e0 votre rythme. Nous proposons des randonn\u00e9es d&#8217;initiation sur une demi-journ\u00e9e, ainsi que de magnifiques explorations \u00e0 la journ\u00e9e. <a href=\"https:\/\/vercors-randonnee.fr\/wp-content\/uploads\/2024\/12\/Flyer-Astro-et-rando-hiver-2024-print.pdf\" target=\"_blank\" rel=\"noreferrer noopener\">t\u00e9l\u00e9chargez le programme de l&#8217;hier<\/a><\/li>\n\n\n\n<li><strong>Pour les scolaires<\/strong> : Offrez \u00e0 vos \u00e9l\u00e8ves une exp\u00e9rience \u00e9ducative inoubliable, m\u00ealant apprentissage et immersion dans la nature. Nos sorties sont con\u00e7ues pour enrichir leurs connaissances tout en \u00e9veillant leur curiosit\u00e9. <a href=\"mailto:contact@nature-vercors.fr\">contactez-nous <\/a><\/li>\n\n\n\n<li><strong>Pour les entreprises et s\u00e9minaires<\/strong> <strong>et<\/strong> <strong>groupes<\/strong> : Renforcez la coh\u00e9sion de votre \u00e9quipe dans un cadre exceptionnel. Offrez \u00e0 vos \u00e9quipes des moments privil\u00e9gi\u00e9s gr\u00e2ce \u00e0 des activit\u00e9s sur mesure, sp\u00e9cialement con\u00e7ues pour eux. Profitez d\u2019un moment de d\u00e9connexion et de d\u00e9couverte.\n<ul class=\"wp-block-list\">\n<li>Activit\u00e9 \u00e0 la demi journ\u00e9e<\/li>\n\n\n\n<li>Exploration \u00e0 la journ\u00e9e<\/li>\n\n\n\n<li>S\u00e9jour en bivouac <br><a href=\"mailto:contact@nature-vercors.fr\">contactez-nous <\/a><\/li>\n<\/ul>\n<\/li>\n<\/ul>\n\n\n\n<h3 class=\"wp-block-heading\">\u00c0 la crois\u00e9e de la nature et du patrimoine<\/h3>\n\n\n\n<p>Nous vous guidons \u00e0 travers les paysages majestueux du Vercors. Nous partagerons  ses merveilles g\u00e9ologiques, ses traditions et son patrimoine unique. Chaque activit\u00e9 est pens\u00e9e pour \u00e9veiller vos sens, enrichir vos connaissances.  Nous proposons  une v\u00e9ritable connexion avec la nature.<\/p>\n\n\n\n<h3 class=\"wp-block-heading\">Pourquoi choisir Vercors Randonn\u00e9es ?<\/h3>\n\n\n\n<ul class=\"wp-block-list\">\n<li>Plus de 10 ans d\u2019expertise et de passion.<\/li>\n\n\n\n<li>Des prestations personnalis\u00e9es et adapt\u00e9es \u00e0 vos besoins.<\/li>\n\n\n\n<li>Une \u00e9quipe qualifi\u00e9e, passionn\u00e9e et profond\u00e9ment enracin\u00e9e dans le territoire.<\/li>\n<\/ul>\n\n\n\n<p>Pr\u00eat \u00e0 vivre une aventure authentique dans le Vercors ? D\u00e9couvrez nos formules et r\u00e9servez d\u00e8s maintenant votre prochaine escapade. <strong>Vercors Randonn\u00e9es<\/strong>, c\u2019est bien plus qu\u2019une simple randonn\u00e9e : c\u2019est une invitation \u00e0 renouer avec la nature et l\u2019histoire.<\/p>\n\n\n\n<p>\ud83c\udf3f <strong>Pour profiter pleinement de votre exp\u00e9rience de randonn\u00e9 , offrez-vous une pause nature dans un cadre pr\u00e9serv\u00e9.<\/strong><br>Nous vous proposons un h\u00e9bergement chaleureux et confortable au <strong>Chalet Nature Vercors<\/strong>, id\u00e9alement situ\u00e9 pour allier ciel \u00e9toil\u00e9 et tranquillit\u00e9. Que ce soit pour une nuit ou un s\u00e9jour prolong\u00e9, c\u2019est le point de d\u00e9part parfait pour vos aventures c\u00e9lestes !<\/p>\n\n\n\n<p>\ud83d\udc49 D\u00e9couvrez toutes les options d\u2019h\u00e9bergement sur : <a class=\"\" href=\"https:\/\/nature-vercors.fr\" target=\"_blank\" rel=\"noopener\">nature-vercors.fr<\/a><\/p>\n","protected":false},"excerpt":{"rendered":"<p>D\u00e9couvrez le Vercors avec Vercors Randonn\u00e9es : Une Aventure Nature sur Mesure Depuis plus de 10 ans, Vercors Randonn\u00e9es vous accompagne \u00e0 explorer la richesse naturelle et culturelle du parc naturel du Vercors. G\u00e9ographes de formation, nous accordons une attention particuli\u00e8re \u00e0 l\u2019exploration et \u00e0 la compr\u00e9hension des paysages. Nous explorerons bien s\u00fbr la nature &hellip; <\/p>\n<p class=\"link-more\"><a href=\"https:\/\/vercors-randonnee.fr\/index.php\/nos-activites-randonnees-sejours-pour-tous-les-publics\/\" class=\"more-link\">Continue reading<span class=\"screen-reader-text\"> &#8220;Nos activit\u00e9s&#8221;<\/span><\/a><\/p>\n","protected":false},"author":1,"featured_media":369,"parent":0,"menu_order":0,"comment_status":"closed","ping_status":"closed","template":"","meta":{"om_disable_all_campaigns":false,"_monsterinsights_skip_tracking":false,"_monsterinsights_sitenote_active":false,"_monsterinsights_sitenote_note":"","_monsterinsights_sitenote_category":0,"_uf_show_specific_survey":0,"_uf_disable_surveys":false,"footnotes":""},"class_list":["post-368","page","type-page","status-publish","has-post-thumbnail","hentry"],"yoast_head":"<!-- This site is optimized with the Yoast SEO plugin v27.3 - https:\/\/yoast.com\/product\/yoast-seo-wordpress\/ -->\n<title>Nos activit\u00e9s - Randonn\u00e9e Vercors<\/title>\n<meta name=\"description\" content=\"randonn\u00e9es nature, s\u00e9jours bivouac, et explorations du Vercors sur mesure. Plus de 10 ans d&#039;expertise pour partager la nature sauvage,\" \/>\n<meta name=\"robots\" content=\"index, follow, max-snippet:-1, max-image-preview:large, max-video-preview:-1\" \/>\n<link rel=\"canonical\" href=\"https:\/\/vercors-randonnee.fr\/index.php\/nos-activites-randonnees-sejours-pour-tous-les-publics\/\" \/>\n<meta property=\"og:locale\" content=\"en_US\" \/>\n<meta property=\"og:type\" content=\"article\" \/>\n<meta property=\"og:title\" content=\"Nos activit\u00e9s - Randonn\u00e9e Vercors\" \/>\n<meta property=\"og:description\" content=\"randonn\u00e9es nature, s\u00e9jours bivouac, et explorations du Vercors sur mesure. Plus de 10 ans d&#039;expertise pour partager la nature sauvage,\" \/>\n<meta property=\"og:url\" content=\"https:\/\/vercors-randonnee.fr\/index.php\/nos-activites-randonnees-sejours-pour-tous-les-publics\/\" \/>\n<meta property=\"og:site_name\" content=\"Randonn\u00e9e Vercors\" \/>\n<meta property=\"article:publisher\" content=\"https:\/\/www.facebook.com\/Rando.Vercors\" \/>\n<meta property=\"article:modified_time\" content=\"2025-05-22T20:28:48+00:00\" \/>\n<meta property=\"og:image\" content=\"https:\/\/vercors-randonnee.fr\/wp-content\/uploads\/2024\/12\/GenAIImage_0243b2ea-3d9c-4c8c-9b28-b38f7fcf213a.jpeg\" \/>\n\t<meta property=\"og:image:width\" content=\"2304\" \/>\n\t<meta property=\"og:image:height\" content=\"1792\" \/>\n\t<meta property=\"og:image:type\" content=\"image\/jpeg\" \/>\n<meta name=\"twitter:card\" content=\"summary_large_image\" \/>\n<meta name=\"twitter:label1\" content=\"Est. reading time\" \/>\n\t<meta name=\"twitter:data1\" content=\"3 minutes\" \/>\n<script type=\"application\/ld+json\" class=\"yoast-schema-graph\">{\"@context\":\"https:\\\/\\\/schema.org\",\"@graph\":[{\"@type\":\"WebPage\",\"@id\":\"https:\\\/\\\/vercors-randonnee.fr\\\/index.php\\\/nos-activites-randonnees-sejours-pour-tous-les-publics\\\/\",\"url\":\"https:\\\/\\\/vercors-randonnee.fr\\\/index.php\\\/nos-activites-randonnees-sejours-pour-tous-les-publics\\\/\",\"name\":\"Nos activit\u00e9s - Randonn\u00e9e Vercors\",\"isPartOf\":{\"@id\":\"https:\\\/\\\/vercors-randonnee.fr\\\/#website\"},\"primaryImageOfPage\":{\"@id\":\"https:\\\/\\\/vercors-randonnee.fr\\\/index.php\\\/nos-activites-randonnees-sejours-pour-tous-les-publics\\\/#primaryimage\"},\"image\":{\"@id\":\"https:\\\/\\\/vercors-randonnee.fr\\\/index.php\\\/nos-activites-randonnees-sejours-pour-tous-les-publics\\\/#primaryimage\"},\"thumbnailUrl\":\"https:\\\/\\\/vercors-randonnee.fr\\\/wp-content\\\/uploads\\\/2024\\\/12\\\/GenAIImage_0243b2ea-3d9c-4c8c-9b28-b38f7fcf213a.jpeg\",\"datePublished\":\"2024-12-10T15:11:13+00:00\",\"dateModified\":\"2025-05-22T20:28:48+00:00\",\"description\":\"randonn\u00e9es nature, s\u00e9jours bivouac, et explorations du Vercors sur mesure. Plus de 10 ans d'expertise pour partager la nature sauvage,\",\"breadcrumb\":{\"@id\":\"https:\\\/\\\/vercors-randonnee.fr\\\/index.php\\\/nos-activites-randonnees-sejours-pour-tous-les-publics\\\/#breadcrumb\"},\"inLanguage\":\"en-US\",\"potentialAction\":[{\"@type\":\"ReadAction\",\"target\":[\"https:\\\/\\\/vercors-randonnee.fr\\\/index.php\\\/nos-activites-randonnees-sejours-pour-tous-les-publics\\\/\"]}]},{\"@type\":\"ImageObject\",\"inLanguage\":\"en-US\",\"@id\":\"https:\\\/\\\/vercors-randonnee.fr\\\/index.php\\\/nos-activites-randonnees-sejours-pour-tous-les-publics\\\/#primaryimage\",\"url\":\"https:\\\/\\\/vercors-randonnee.fr\\\/wp-content\\\/uploads\\\/2024\\\/12\\\/GenAIImage_0243b2ea-3d9c-4c8c-9b28-b38f7fcf213a.jpeg\",\"contentUrl\":\"https:\\\/\\\/vercors-randonnee.fr\\\/wp-content\\\/uploads\\\/2024\\\/12\\\/GenAIImage_0243b2ea-3d9c-4c8c-9b28-b38f7fcf213a.jpeg\",\"width\":2304,\"height\":1792,\"caption\":\"randonn\u00e9e en raquettes dans le Vercors \\\/ Vercors Randonn\u00e9e\"},{\"@type\":\"BreadcrumbList\",\"@id\":\"https:\\\/\\\/vercors-randonnee.fr\\\/index.php\\\/nos-activites-randonnees-sejours-pour-tous-les-publics\\\/#breadcrumb\",\"itemListElement\":[{\"@type\":\"ListItem\",\"position\":1,\"name\":\"Accueil\",\"item\":\"https:\\\/\\\/vercors-randonnee.fr\\\/\"},{\"@type\":\"ListItem\",\"position\":2,\"name\":\"Nos activit\u00e9s\"}]},{\"@type\":\"WebSite\",\"@id\":\"https:\\\/\\\/vercors-randonnee.fr\\\/#website\",\"url\":\"https:\\\/\\\/vercors-randonnee.fr\\\/\",\"name\":\"Randonn\u00e9e Vercors\",\"description\":\"Si tu n&#039;arrives pas \u00e0 penser, marche; si tu penses trop, marche; si tu penses mal, marche encore. (Jean Giono)\",\"publisher\":{\"@id\":\"https:\\\/\\\/vercors-randonnee.fr\\\/#organization\"},\"potentialAction\":[{\"@type\":\"SearchAction\",\"target\":{\"@type\":\"EntryPoint\",\"urlTemplate\":\"https:\\\/\\\/vercors-randonnee.fr\\\/?s={search_term_string}\"},\"query-input\":{\"@type\":\"PropertyValueSpecification\",\"valueRequired\":true,\"valueName\":\"search_term_string\"}}],\"inLanguage\":\"en-US\"},{\"@type\":\"Organization\",\"@id\":\"https:\\\/\\\/vercors-randonnee.fr\\\/#organization\",\"name\":\"randonn\u00e9e vercors\",\"alternateName\":\"nature vercors\",\"url\":\"https:\\\/\\\/vercors-randonnee.fr\\\/\",\"logo\":{\"@type\":\"ImageObject\",\"inLanguage\":\"en-US\",\"@id\":\"https:\\\/\\\/vercors-randonnee.fr\\\/#\\\/schema\\\/logo\\\/image\\\/\",\"url\":\"https:\\\/\\\/vercors-randonnee.fr\\\/wp-content\\\/uploads\\\/2023\\\/07\\\/cropped-logo-nature-vercors-detoure-copie.png\",\"contentUrl\":\"https:\\\/\\\/vercors-randonnee.fr\\\/wp-content\\\/uploads\\\/2023\\\/07\\\/cropped-logo-nature-vercors-detoure-copie.png\",\"width\":324,\"height\":250,\"caption\":\"randonn\u00e9e vercors\"},\"image\":{\"@id\":\"https:\\\/\\\/vercors-randonnee.fr\\\/#\\\/schema\\\/logo\\\/image\\\/\"},\"sameAs\":[\"https:\\\/\\\/www.facebook.com\\\/Rando.Vercors\"]}]}<\/script>\n<!-- \/ Yoast SEO plugin. -->","yoast_head_json":{"title":"Nos activit\u00e9s - Randonn\u00e9e Vercors","description":"randonn\u00e9es nature, s\u00e9jours bivouac, et explorations du Vercors sur mesure. Plus de 10 ans d'expertise pour partager la nature sauvage,","robots":{"index":"index","follow":"follow","max-snippet":"max-snippet:-1","max-image-preview":"max-image-preview:large","max-video-preview":"max-video-preview:-1"},"canonical":"https:\/\/vercors-randonnee.fr\/index.php\/nos-activites-randonnees-sejours-pour-tous-les-publics\/","og_locale":"en_US","og_type":"article","og_title":"Nos activit\u00e9s - Randonn\u00e9e Vercors","og_description":"randonn\u00e9es nature, s\u00e9jours bivouac, et explorations du Vercors sur mesure. Plus de 10 ans d'expertise pour partager la nature sauvage,","og_url":"https:\/\/vercors-randonnee.fr\/index.php\/nos-activites-randonnees-sejours-pour-tous-les-publics\/","og_site_name":"Randonn\u00e9e Vercors","article_publisher":"https:\/\/www.facebook.com\/Rando.Vercors","article_modified_time":"2025-05-22T20:28:48+00:00","og_image":[{"width":2304,"height":1792,"url":"https:\/\/vercors-randonnee.fr\/wp-content\/uploads\/2024\/12\/GenAIImage_0243b2ea-3d9c-4c8c-9b28-b38f7fcf213a.jpeg","type":"image\/jpeg"}],"twitter_card":"summary_large_image","twitter_misc":{"Est. reading time":"3 minutes"},"schema":{"@context":"https:\/\/schema.org","@graph":[{"@type":"WebPage","@id":"https:\/\/vercors-randonnee.fr\/index.php\/nos-activites-randonnees-sejours-pour-tous-les-publics\/","url":"https:\/\/vercors-randonnee.fr\/index.php\/nos-activites-randonnees-sejours-pour-tous-les-publics\/","name":"Nos activit\u00e9s - Randonn\u00e9e Vercors","isPartOf":{"@id":"https:\/\/vercors-randonnee.fr\/#website"},"primaryImageOfPage":{"@id":"https:\/\/vercors-randonnee.fr\/index.php\/nos-activites-randonnees-sejours-pour-tous-les-publics\/#primaryimage"},"image":{"@id":"https:\/\/vercors-randonnee.fr\/index.php\/nos-activites-randonnees-sejours-pour-tous-les-publics\/#primaryimage"},"thumbnailUrl":"https:\/\/vercors-randonnee.fr\/wp-content\/uploads\/2024\/12\/GenAIImage_0243b2ea-3d9c-4c8c-9b28-b38f7fcf213a.jpeg","datePublished":"2024-12-10T15:11:13+00:00","dateModified":"2025-05-22T20:28:48+00:00","description":"randonn\u00e9es nature, s\u00e9jours bivouac, et explorations du Vercors sur mesure. Plus de 10 ans d'expertise pour partager la nature sauvage,","breadcrumb":{"@id":"https:\/\/vercors-randonnee.fr\/index.php\/nos-activites-randonnees-sejours-pour-tous-les-publics\/#breadcrumb"},"inLanguage":"en-US","potentialAction":[{"@type":"ReadAction","target":["https:\/\/vercors-randonnee.fr\/index.php\/nos-activites-randonnees-sejours-pour-tous-les-publics\/"]}]},{"@type":"ImageObject","inLanguage":"en-US","@id":"https:\/\/vercors-randonnee.fr\/index.php\/nos-activites-randonnees-sejours-pour-tous-les-publics\/#primaryimage","url":"https:\/\/vercors-randonnee.fr\/wp-content\/uploads\/2024\/12\/GenAIImage_0243b2ea-3d9c-4c8c-9b28-b38f7fcf213a.jpeg","contentUrl":"https:\/\/vercors-randonnee.fr\/wp-content\/uploads\/2024\/12\/GenAIImage_0243b2ea-3d9c-4c8c-9b28-b38f7fcf213a.jpeg","width":2304,"height":1792,"caption":"randonn\u00e9e en raquettes dans le Vercors \/ Vercors Randonn\u00e9e"},{"@type":"BreadcrumbList","@id":"https:\/\/vercors-randonnee.fr\/index.php\/nos-activites-randonnees-sejours-pour-tous-les-publics\/#breadcrumb","itemListElement":[{"@type":"ListItem","position":1,"name":"Accueil","item":"https:\/\/vercors-randonnee.fr\/"},{"@type":"ListItem","position":2,"name":"Nos activit\u00e9s"}]},{"@type":"WebSite","@id":"https:\/\/vercors-randonnee.fr\/#website","url":"https:\/\/vercors-randonnee.fr\/","name":"Randonn\u00e9e Vercors","description":"Si tu n&#039;arrives pas \u00e0 penser, marche; si tu penses trop, marche; si tu penses mal, marche encore. (Jean Giono)","publisher":{"@id":"https:\/\/vercors-randonnee.fr\/#organization"},"potentialAction":[{"@type":"SearchAction","target":{"@type":"EntryPoint","urlTemplate":"https:\/\/vercors-randonnee.fr\/?s={search_term_string}"},"query-input":{"@type":"PropertyValueSpecification","valueRequired":true,"valueName":"search_term_string"}}],"inLanguage":"en-US"},{"@type":"Organization","@id":"https:\/\/vercors-randonnee.fr\/#organization","name":"randonn\u00e9e vercors","alternateName":"nature vercors","url":"https:\/\/vercors-randonnee.fr\/","logo":{"@type":"ImageObject","inLanguage":"en-US","@id":"https:\/\/vercors-randonnee.fr\/#\/schema\/logo\/image\/","url":"https:\/\/vercors-randonnee.fr\/wp-content\/uploads\/2023\/07\/cropped-logo-nature-vercors-detoure-copie.png","contentUrl":"https:\/\/vercors-randonnee.fr\/wp-content\/uploads\/2023\/07\/cropped-logo-nature-vercors-detoure-copie.png","width":324,"height":250,"caption":"randonn\u00e9e vercors"},"image":{"@id":"https:\/\/vercors-randonnee.fr\/#\/schema\/logo\/image\/"},"sameAs":["https:\/\/www.facebook.com\/Rando.Vercors"]}]}},"_links":{"self":[{"href":"https:\/\/vercors-randonnee.fr\/index.php\/wp-json\/wp\/v2\/pages\/368","targetHints":{"allow":["GET"]}}],"collection":[{"href":"https:\/\/vercors-randonnee.fr\/index.php\/wp-json\/wp\/v2\/pages"}],"about":[{"href":"https:\/\/vercors-randonnee.fr\/index.php\/wp-json\/wp\/v2\/types\/page"}],"author":[{"embeddable":true,"href":"https:\/\/vercors-randonnee.fr\/index.php\/wp-json\/wp\/v2\/users\/1"}],"replies":[{"embeddable":true,"href":"https:\/\/vercors-randonnee.fr\/index.php\/wp-json\/wp\/v2\/comments?post=368"}],"version-history":[{"count":12,"href":"https:\/\/vercors-randonnee.fr\/index.php\/wp-json\/wp\/v2\/pages\/368\/revisions"}],"predecessor-version":[{"id":414,"href":"https:\/\/vercors-randonnee.fr\/index.php\/wp-json\/wp\/v2\/pages\/368\/revisions\/414"}],"wp:featuredmedia":[{"embeddable":true,"href":"https:\/\/vercors-randonnee.fr\/index.php\/wp-json\/wp\/v2\/media\/369"}],"wp:attachment":[{"href":"https:\/\/vercors-randonnee.fr\/index.php\/wp-json\/wp\/v2\/media?parent=368"}],"curies":[{"name":"wp","href":"https:\/\/api.w.org\/{rel}","templated":true}]}}